{"id":33538,"date":"2026-07-31T19:07:48","date_gmt":"2026-07-31T19:07:48","guid":{"rendered":"https:\/\/www.die-werkskantine.de\/catering\/"},"modified":"2026-08-31T12:40:00","modified_gmt":"2026-08-31T12:40:00","slug":"catering","status":"publish","type":"page","link":"https:\/\/www.die-werkskantine.de\/en\/catering\/","title":{"rendered":"Catering"},"content":{"rendered":"\t\t<div data-elementor-type=\"wp-page\" data-elementor-id=\"33538\" class=\"elementor elementor-33538 elementor-33318\" data-elementor-post-type=\"page\">\n\t\t\t\t\t\t<section class=\"elementor-section elementor-top-section elementor-element elementor-element-63a5ee4 elementor-section-boxed elementor-section-height-default elementor-section-height-default\" data-id=\"63a5ee4\" data-element_type=\"section\" data-e-type=\"section\" data-settings=\"{&quot;background_background&quot;:&quot;classic&quot;}\">\n\t\t\t\t\t\t<div class=\"elementor-container elementor-column-gap-default\">\n\t\t\t\t\t<div class=\"elementor-column elementor-col-100 elementor-top-column elementor-element elementor-element-95a6c2d\" data-id=\"95a6c2d\" data-element_type=\"column\" data-e-type=\"column\">\n\t\t\t<div class=\"elementor-widget-wrap elementor-element-populated\">\n\t\t\t\t\t\t<div class=\"elementor-element elementor-element-cb89341 elementor-icon-list--layout-inline elementor-align-center elementor-tablet-align-center elementor-mobile-align-center elementor-list-item-link-full_width elementor-widget elementor-widget-icon-list\" data-id=\"cb89341\" data-element_type=\"widget\" data-e-type=\"widget\" data-widget_type=\"icon-list.default\">\n\t\t\t\t<div class=\"elementor-widget-container\">\n\t\t\t\t\t\t\t<ul class=\"elementor-icon-list-items elementor-inline-items\">\n\t\t\t\t\t\t\t<li class=\"elementor-icon-list-item elementor-inline-item\">\n\t\t\t\t\t\t\t\t\t\t\t<a href=\"mailto:Catering@die-Werkskantine.de\">\n\n\t\t\t\t\t\t\t\t\t\t\t\t<span class=\"elementor-icon-list-icon\">\n\t\t\t\t\t\t\t<i aria-hidden=\"true\" class=\"fas fa-at\"><\/i>\t\t\t\t\t\t<\/span>\n\t\t\t\t\t\t\t\t\t\t<span class=\"elementor-icon-list-text\">catering@die-Werkskantine.de<\/span>\n\t\t\t\t\t\t\t\t\t\t\t<\/a>\n\t\t\t\t\t\t\t\t\t<\/li>\n\t\t\t\t\t\t\t\t<li class=\"elementor-icon-list-item elementor-inline-item\">\n\t\t\t\t\t\t\t\t\t\t\t<a href=\"tel:+496942696600\">\n\n\t\t\t\t\t\t\t\t\t\t\t\t<span class=\"elementor-icon-list-icon\">\n\t\t\t\t\t\t\t<i aria-hidden=\"true\" class=\"fas fa-phone\"><\/i>\t\t\t\t\t\t<\/span>\n\t\t\t\t\t\t\t\t\t\t<span class=\"elementor-icon-list-text\">+49 (69) 42 69 66 00<\/span>\n\t\t\t\t\t\t\t\t\t\t\t<\/a>\n\t\t\t\t\t\t\t\t\t<\/li>\n\t\t\t\t\t\t\t\t<li class=\"elementor-icon-list-item elementor-inline-item\">\n\t\t\t\t\t\t\t\t\t\t\t<a href=\"tel:+4915152532581\">\n\n\t\t\t\t\t\t\t\t\t\t\t\t<span class=\"elementor-icon-list-icon\">\n\t\t\t\t\t\t\t<i aria-hidden=\"true\" class=\"fas fa-mobile-alt\"><\/i>\t\t\t\t\t\t<\/span>\n\t\t\t\t\t\t\t\t\t\t<span class=\"elementor-icon-list-text\">+49 151 52 53 25 81<\/span>\n\t\t\t\t\t\t\t\t\t\t\t<\/a>\n\t\t\t\t\t\t\t\t\t<\/li>\n\t\t\t\t\t\t<\/ul>\n\t\t\t\t\t\t<\/div>\n\t\t\t\t<\/div>\n\t\t\t\t\t<\/div>\n\t\t<\/div>\n\t\t\t\t\t<\/div>\n\t\t<\/section>\n\t\t\t\t<section class=\"elementor-section elementor-top-section elementor-element elementor-element-e93fcf3 elementor-section-content-bottom elementor-section-boxed elementor-section-height-default elementor-section-height-default\" data-id=\"e93fcf3\" data-element_type=\"section\" data-e-type=\"section\">\n\t\t\t\t\t\t<div class=\"elementor-container elementor-column-gap-default\">\n\t\t\t\t\t<div class=\"elementor-column elementor-col-33 elementor-top-column elementor-element elementor-element-3f334d7\" data-id=\"3f334d7\" data-element_type=\"column\" data-e-type=\"column\">\n\t\t\t<div class=\"elementor-widget-wrap elementor-element-populated\">\n\t\t\t\t\t\t<div class=\"elementor-element elementor-element-37fcb6d elementor-widget elementor-widget-image\" data-id=\"37fcb6d\" data-element_type=\"widget\" data-e-type=\"widget\" data-widget_type=\"image.default\">\n\t\t\t\t<div class=\"elementor-widget-container\">\n\t\t\t\t\t\t\t\t\t\t\t\t\t\t\t<img fetchpriority=\"high\" decoding=\"async\" width=\"955\" height=\"261\" src=\"https:\/\/www.die-werkskantine.de\/wp-content\/uploads\/2026\/07\/logo_catering.png\" class=\"attachment-large size-large wp-image-33531\" alt=\"&quot;Die Werkskantine&quot; - Catering\" srcset=\"https:\/\/www.die-werkskantine.de\/wp-content\/uploads\/2026\/07\/logo_catering.png 955w, https:\/\/www.die-werkskantine.de\/wp-content\/uploads\/2026\/07\/logo_catering-300x82.png 300w, https:\/\/www.die-werkskantine.de\/wp-content\/uploads\/2026\/07\/logo_catering-768x210.png 768w, https:\/\/www.die-werkskantine.de\/wp-content\/uploads\/2026\/07\/logo_catering-600x164.png 600w\" sizes=\"(max-width: 955px) 100vw, 955px\" \/>\t\t\t\t\t\t\t\t\t\t\t\t\t\t\t<\/div>\n\t\t\t\t<\/div>\n\t\t\t\t\t<\/div>\n\t\t<\/div>\n\t\t\t\t<div class=\"elementor-column elementor-col-66 elementor-top-column elementor-element elementor-element-c0995a8\" data-id=\"c0995a8\" data-element_type=\"column\" data-e-type=\"column\">\n\t\t\t<div class=\"elementor-widget-wrap elementor-element-populated\">\n\t\t\t\t\t\t<div class=\"elementor-element elementor-element-4b44b61 elementor-nav-menu__align-end elementor-nav-menu--dropdown-mobile elementor-nav-menu--stretch elementor-nav-menu__text-align-center elementor-nav-menu--toggle elementor-nav-menu--burger elementor-widget elementor-widget-nav-menu\" data-id=\"4b44b61\" data-element_type=\"widget\" data-e-type=\"widget\" data-settings=\"{&quot;full_width&quot;:&quot;stretch&quot;,&quot;layout&quot;:&quot;horizontal&quot;,&quot;submenu_icon&quot;:{&quot;value&quot;:&quot;&lt;i class=\\&quot;fas fa-caret-down\\&quot; aria-hidden=\\&quot;true\\&quot;&gt;&lt;\\\/i&gt;&quot;,&quot;library&quot;:&quot;fa-solid&quot;},&quot;toggle&quot;:&quot;burger&quot;}\" data-widget_type=\"nav-menu.default\">\n\t\t\t\t<div class=\"elementor-widget-container\">\n\t\t\t\t\t\t\t\t<nav aria-label=\"Men\u00fc\" class=\"elementor-nav-menu--main elementor-nav-menu__container elementor-nav-menu--layout-horizontal e--pointer-none\">\n\t\t\t\t<ul id=\"menu-1-4b44b61\" class=\"elementor-nav-menu\"><li class=\"menu-item menu-item-type-custom menu-item-object-custom menu-item-33543\"><a href=\"https:\/\/www.die-werkskantine.de\/en\/catering\/#location\" class=\"elementor-item elementor-item-anchor menu-link\">Location<\/a><\/li>\n<li class=\"menu-item menu-item-type-custom menu-item-object-custom menu-item-33544\"><a href=\"https:\/\/www.die-werkskantine.de\/en\/catering\/#flaechen\" class=\"elementor-item elementor-item-anchor menu-link\">Event Spaces &#038; Location<\/a><\/li>\n<li class=\"menu-item menu-item-type-custom menu-item-object-custom menu-item-33545\"><a href=\"https:\/\/www.die-werkskantine.de\/en\/catering\/#anfrage\" class=\"elementor-item elementor-item-anchor menu-link\">Inquiry<\/a><\/li>\n<li class=\"menu-item menu-item-type-post_type menu-item-object-page menu-item-33546\"><a href=\"https:\/\/www.die-werkskantine.de\/en\/restaurant\/\" class=\"elementor-item menu-link\">Restaurant<\/a><\/li>\n<\/ul>\t\t\t<\/nav>\n\t\t\t\t\t<div class=\"elementor-menu-toggle\" role=\"button\" tabindex=\"0\" aria-label=\"Menu Toggle\" aria-expanded=\"false\">\n\t\t\t<i aria-hidden=\"true\" role=\"presentation\" class=\"elementor-menu-toggle__icon--open eicon-menu-bar\"><\/i><i aria-hidden=\"true\" role=\"presentation\" class=\"elementor-menu-toggle__icon--close eicon-close\"><\/i>\t\t<\/div>\n\t\t\t\t\t<nav class=\"elementor-nav-menu--dropdown elementor-nav-menu__container\" aria-hidden=\"true\">\n\t\t\t\t<ul id=\"menu-2-4b44b61\" class=\"elementor-nav-menu\"><li class=\"menu-item menu-item-type-custom menu-item-object-custom menu-item-33543\"><a href=\"https:\/\/www.die-werkskantine.de\/en\/catering\/#location\" class=\"elementor-item elementor-item-anchor menu-link\" tabindex=\"-1\">Location<\/a><\/li>\n<li class=\"menu-item menu-item-type-custom menu-item-object-custom menu-item-33544\"><a href=\"https:\/\/www.die-werkskantine.de\/en\/catering\/#flaechen\" class=\"elementor-item elementor-item-anchor menu-link\" tabindex=\"-1\">Event Spaces &#038; Location<\/a><\/li>\n<li class=\"menu-item menu-item-type-custom menu-item-object-custom menu-item-33545\"><a href=\"https:\/\/www.die-werkskantine.de\/en\/catering\/#anfrage\" class=\"elementor-item elementor-item-anchor menu-link\" tabindex=\"-1\">Inquiry<\/a><\/li>\n<li class=\"menu-item menu-item-type-post_type menu-item-object-page menu-item-33546\"><a href=\"https:\/\/www.die-werkskantine.de\/en\/restaurant\/\" class=\"elementor-item menu-link\" tabindex=\"-1\">Restaurant<\/a><\/li>\n<\/ul>\t\t\t<\/nav>\n\t\t\t\t\t\t<\/div>\n\t\t\t\t<\/div>\n\t\t\t\t\t<\/div>\n\t\t<\/div>\n\t\t\t\t\t<\/div>\n\t\t<\/section>\n\t\t\t\t<section class=\"elementor-section elementor-top-section elementor-element elementor-element-6e65364 elementor-section-full_width elementor-section-height-min-height elementor-section-height-default elementor-section-items-middle\" data-id=\"6e65364\" data-element_type=\"section\" data-e-type=\"section\" data-settings=\"{&quot;background_background&quot;:&quot;classic&quot;}\">\n\t\t\t\t\t\t\t<div class=\"elementor-background-overlay\"><\/div>\n\t\t\t\t\t\t\t<div class=\"elementor-container elementor-column-gap-default\">\n\t\t\t\t\t<div class=\"elementor-column elementor-col-100 elementor-top-column elementor-element elementor-element-ee76d67\" data-id=\"ee76d67\" data-element_type=\"column\" data-e-type=\"column\">\n\t\t\t<div class=\"elementor-widget-wrap elementor-element-populated\">\n\t\t\t\t\t<div class=\"elementor-background-overlay\"><\/div>\n\t\t\t\t\t\t<div class=\"elementor-element elementor-element-a3a996d elementor-widget elementor-widget-heading\" data-id=\"a3a996d\" data-element_type=\"widget\" data-e-type=\"widget\" data-widget_type=\"heading.default\">\n\t\t\t\t<div class=\"elementor-widget-container\">\n\t\t\t\t\t<h2 class=\"elementor-heading-title elementor-size-default\">Catering<\/h2>\t\t\t\t<\/div>\n\t\t\t\t<\/div>\n\t\t\t\t<div class=\"elementor-element elementor-element-7b266d1 elementor-widget elementor-widget-text-editor\" data-id=\"7b266d1\" data-element_type=\"widget\" data-e-type=\"widget\" data-widget_type=\"text-editor.default\">\n\t\t\t\t<div class=\"elementor-widget-container\">\n\t\t\t\t\t\t\t\t\t<p>KLASSIKSTADT | EVENTS &amp; CONFERENCE<\/p>\t\t\t\t\t\t\t\t<\/div>\n\t\t\t\t<\/div>\n\t\t\t\t<div class=\"elementor-element elementor-element-36deba4 elementor-align-center elementor-widget elementor-widget-button\" data-id=\"36deba4\" data-element_type=\"widget\" data-e-type=\"widget\" data-widget_type=\"button.default\">\n\t\t\t\t<div class=\"elementor-widget-container\">\n\t\t\t\t\t\t\t\t\t<div class=\"elementor-button-wrapper\">\n\t\t\t\t\t<a class=\"elementor-button elementor-button-link elementor-size-sm\" href=\"mailto:catering@die-werkskantine.de\">\n\t\t\t\t\t\t<span class=\"elementor-button-content-wrapper\">\n\t\t\t\t\t\t\t\t\t<span class=\"elementor-button-text\">Request a quote now with no obligation<\/span>\n\t\t\t\t\t<\/span>\n\t\t\t\t\t<\/a>\n\t\t\t\t<\/div>\n\t\t\t\t\t\t\t\t<\/div>\n\t\t\t\t<\/div>\n\t\t\t\t\t<\/div>\n\t\t<\/div>\n\t\t\t\t\t<\/div>\n\t\t<\/section>\n\t\t\t\t<section class=\"elementor-section elementor-top-section elementor-element elementor-element-9f47e9d elementor-section-content-middle elementor-section-boxed elementor-section-height-default elementor-section-height-default\" data-id=\"9f47e9d\" data-element_type=\"section\" data-e-type=\"section\" id=\"location\" data-settings=\"{&quot;background_background&quot;:&quot;classic&quot;}\">\n\t\t\t\t\t\t<div class=\"elementor-container elementor-column-gap-wide\">\n\t\t\t\t\t<div class=\"elementor-column elementor-col-50 elementor-top-column elementor-element elementor-element-0d0b76a\" data-id=\"0d0b76a\" data-element_type=\"column\" data-e-type=\"column\">\n\t\t\t<div class=\"elementor-widget-wrap elementor-element-populated\">\n\t\t\t\t\t\t<div class=\"elementor-element elementor-element-dec5a76 elementor-widget elementor-widget-image\" data-id=\"dec5a76\" data-element_type=\"widget\" data-e-type=\"widget\" data-widget_type=\"image.default\">\n\t\t\t\t<div class=\"elementor-widget-container\">\n\t\t\t\t\t\t\t\t\t\t\t\t\t\t\t<img decoding=\"async\" width=\"888\" height=\"592\" src=\"https:\/\/www.die-werkskantine.de\/wp-content\/uploads\/2026\/07\/WK_EVENT26_PTF_0116.jpg\" class=\"attachment-large size-large wp-image-33533\" alt=\"\" srcset=\"https:\/\/www.die-werkskantine.de\/wp-content\/uploads\/2026\/07\/WK_EVENT26_PTF_0116.jpg 888w, https:\/\/www.die-werkskantine.de\/wp-content\/uploads\/2026\/07\/WK_EVENT26_PTF_0116-300x200.jpg 300w, https:\/\/www.die-werkskantine.de\/wp-content\/uploads\/2026\/07\/WK_EVENT26_PTF_0116-768x512.jpg 768w, https:\/\/www.die-werkskantine.de\/wp-content\/uploads\/2026\/07\/WK_EVENT26_PTF_0116-600x400.jpg 600w\" sizes=\"(max-width: 888px) 100vw, 888px\" \/>\t\t\t\t\t\t\t\t\t\t\t\t\t\t\t<\/div>\n\t\t\t\t<\/div>\n\t\t\t\t\t<\/div>\n\t\t<\/div>\n\t\t\t\t<div class=\"elementor-column elementor-col-50 elementor-top-column elementor-element elementor-element-47ffe50\" data-id=\"47ffe50\" data-element_type=\"column\" data-e-type=\"column\">\n\t\t\t<div class=\"elementor-widget-wrap elementor-element-populated\">\n\t\t\t\t\t\t<div class=\"elementor-element elementor-element-97d8377 elementor-widget elementor-widget-heading\" data-id=\"97d8377\" data-element_type=\"widget\" data-e-type=\"widget\" data-widget_type=\"heading.default\">\n\t\t\t\t<div class=\"elementor-widget-container\">\n\t\t\t\t\t<div class=\"elementor-heading-title elementor-size-default\">A venue with character<\/div>\t\t\t\t<\/div>\n\t\t\t\t<\/div>\n\t\t\t\t<div class=\"elementor-element elementor-element-ae025f0 elementor-widget elementor-widget-heading\" data-id=\"ae025f0\" data-element_type=\"widget\" data-e-type=\"widget\" data-widget_type=\"heading.default\">\n\t\t\t\t<div class=\"elementor-widget-container\">\n\t\t\t\t\t<h2 class=\"elementor-heading-title elementor-size-default\">A historic setting. Cuisine with character. Unforgettable events.  <\/h2>\t\t\t\t<\/div>\n\t\t\t\t<\/div>\n\t\t\t\t<div class=\"elementor-element elementor-element-448cf39 elementor-widget elementor-widget-text-editor\" data-id=\"448cf39\" data-element_type=\"widget\" data-e-type=\"widget\" data-widget_type=\"text-editor.default\">\n\t\t\t\t<div class=\"elementor-widget-container\">\n\t\t\t\t\t\t\t\t\t<p>When history becomes an event experience, the result is events that leave a lasting impression. Klassikstadt Frankfurt combines impressive industrial architecture, a passion for automobiles, and versatile event spaces to create one of the most extraordinary venues in the Rhine-Main region.<\/p><p>As the exclusive catering partner of Klassikstadt, we\u2019ll enhance your event with artisanal cuisine that\u2019s just as authentic as the venue itself\u2014regionally inspired, expertly prepared, and crafted with great attention to detail.<\/p>\t\t\t\t\t\t\t\t<\/div>\n\t\t\t\t<\/div>\n\t\t\t\t\t<\/div>\n\t\t<\/div>\n\t\t\t\t\t<\/div>\n\t\t<\/section>\n\t\t\t\t<section class=\"elementor-section elementor-top-section elementor-element elementor-element-1d9d309 elementor-section-content-middle elementor-section-boxed elementor-section-height-default elementor-section-height-default\" data-id=\"1d9d309\" data-element_type=\"section\" data-e-type=\"section\">\n\t\t\t\t\t\t<div class=\"elementor-container elementor-column-gap-wide\">\n\t\t\t\t\t<div class=\"elementor-column elementor-col-50 elementor-top-column elementor-element elementor-element-51fb361\" data-id=\"51fb361\" data-element_type=\"column\" data-e-type=\"column\">\n\t\t\t<div class=\"elementor-widget-wrap elementor-element-populated\">\n\t\t\t\t\t\t<div class=\"elementor-element elementor-element-811d838 elementor-widget elementor-widget-heading\" data-id=\"811d838\" data-element_type=\"widget\" data-e-type=\"widget\" data-widget_type=\"heading.default\">\n\t\t\t\t<div class=\"elementor-widget-container\">\n\t\t\t\t\t<div class=\"elementor-heading-title elementor-size-default\">NEARLY UNLIMITED POSSIBILITIES<\/div>\t\t\t\t<\/div>\n\t\t\t\t<\/div>\n\t\t\t\t<div class=\"elementor-element elementor-element-2a06d42 elementor-widget elementor-widget-heading\" data-id=\"2a06d42\" data-element_type=\"widget\" data-e-type=\"widget\" data-widget_type=\"heading.default\">\n\t\t\t\t<div class=\"elementor-widget-container\">\n\t\t\t\t\t<h2 class=\"elementor-heading-title elementor-size-default\">From small business meetings to exclusive large-scale events<\/h2>\t\t\t\t<\/div>\n\t\t\t\t<\/div>\n\t\t\t\t<div class=\"elementor-element elementor-element-5579d8e elementor-widget elementor-widget-text-editor\" data-id=\"5579d8e\" data-element_type=\"widget\" data-e-type=\"widget\" data-widget_type=\"text-editor.default\">\n\t\t\t\t<div class=\"elementor-widget-container\">\n\t\t\t\t\t\t\t\t\t<p>Whether it\u2019s a seminar, conference, product presentation, gala dinner, summer party, Christmas party, or private celebration\u2014together, Klassikstadt and the Werkskantine create the ideal setting for events that inspire.<\/p><p>Historic brick architecture, spacious indoor and outdoor areas, and modern conference rooms offer a wide range of possibilities for customized event concepts. From small business meetings to exclusive large-scale events, every gathering can be tailored flexibly to meet your exact specifications.<\/p>\t\t\t\t\t\t\t\t<\/div>\n\t\t\t\t<\/div>\n\t\t\t\t\t<\/div>\n\t\t<\/div>\n\t\t\t\t<div class=\"elementor-column elementor-col-50 elementor-top-column elementor-element elementor-element-c7206c7\" data-id=\"c7206c7\" data-element_type=\"column\" data-e-type=\"column\">\n\t\t\t<div class=\"elementor-widget-wrap elementor-element-populated\">\n\t\t\t\t\t\t<div class=\"elementor-element elementor-element-727fdf4 elementor-widget elementor-widget-image\" data-id=\"727fdf4\" data-element_type=\"widget\" data-e-type=\"widget\" data-widget_type=\"image.default\">\n\t\t\t\t<div class=\"elementor-widget-container\">\n\t\t\t\t\t\t\t\t\t\t\t\t\t\t\t<img decoding=\"async\" width=\"888\" height=\"593\" src=\"https:\/\/www.die-werkskantine.de\/wp-content\/uploads\/2026\/07\/WK_EVENT26_PTF_0745.jpg\" class=\"attachment-large size-large wp-image-33534\" alt=\"\" srcset=\"https:\/\/www.die-werkskantine.de\/wp-content\/uploads\/2026\/07\/WK_EVENT26_PTF_0745.jpg 888w, https:\/\/www.die-werkskantine.de\/wp-content\/uploads\/2026\/07\/WK_EVENT26_PTF_0745-300x200.jpg 300w, https:\/\/www.die-werkskantine.de\/wp-content\/uploads\/2026\/07\/WK_EVENT26_PTF_0745-768x513.jpg 768w, https:\/\/www.die-werkskantine.de\/wp-content\/uploads\/2026\/07\/WK_EVENT26_PTF_0745-600x401.jpg 600w\" sizes=\"(max-width: 888px) 100vw, 888px\" \/>\t\t\t\t\t\t\t\t\t\t\t\t\t\t\t<\/div>\n\t\t\t\t<\/div>\n\t\t\t\t\t<\/div>\n\t\t<\/div>\n\t\t\t\t\t<\/div>\n\t\t<\/section>\n\t\t\t\t<section class=\"elementor-section elementor-top-section elementor-element elementor-element-b18d438 elementor-section-content-middle elementor-section-boxed elementor-section-height-default elementor-section-height-default\" data-id=\"b18d438\" data-element_type=\"section\" data-e-type=\"section\" data-settings=\"{&quot;background_background&quot;:&quot;classic&quot;}\">\n\t\t\t\t\t\t<div class=\"elementor-container elementor-column-gap-wide\">\n\t\t\t\t\t<div class=\"elementor-column elementor-col-50 elementor-top-column elementor-element elementor-element-5cc08f9\" data-id=\"5cc08f9\" data-element_type=\"column\" data-e-type=\"column\">\n\t\t\t<div class=\"elementor-widget-wrap elementor-element-populated\">\n\t\t\t\t\t\t<div class=\"elementor-element elementor-element-624ae49 elementor-widget elementor-widget-image\" data-id=\"624ae49\" data-element_type=\"widget\" data-e-type=\"widget\" data-widget_type=\"image.default\">\n\t\t\t\t<div class=\"elementor-widget-container\">\n\t\t\t\t\t\t\t\t\t\t\t\t\t\t\t<img loading=\"lazy\" decoding=\"async\" width=\"1024\" height=\"683\" src=\"https:\/\/www.die-werkskantine.de\/wp-content\/uploads\/2026\/07\/WK_BUSINESS_BUFFET_0039-1024x683.jpg\" class=\"attachment-large size-large wp-image-33535\" alt=\"\" srcset=\"https:\/\/www.die-werkskantine.de\/wp-content\/uploads\/2026\/07\/WK_BUSINESS_BUFFET_0039-1024x683.jpg 1024w, https:\/\/www.die-werkskantine.de\/wp-content\/uploads\/2026\/07\/WK_BUSINESS_BUFFET_0039-300x200.jpg 300w, https:\/\/www.die-werkskantine.de\/wp-content\/uploads\/2026\/07\/WK_BUSINESS_BUFFET_0039-768x512.jpg 768w, https:\/\/www.die-werkskantine.de\/wp-content\/uploads\/2026\/07\/WK_BUSINESS_BUFFET_0039-1536x1024.jpg 1536w, https:\/\/www.die-werkskantine.de\/wp-content\/uploads\/2026\/07\/WK_BUSINESS_BUFFET_0039-600x400.jpg 600w, https:\/\/www.die-werkskantine.de\/wp-content\/uploads\/2026\/07\/WK_BUSINESS_BUFFET_0039.jpg 1600w\" sizes=\"(max-width: 1024px) 100vw, 1024px\" \/>\t\t\t\t\t\t\t\t\t\t\t\t\t\t\t<\/div>\n\t\t\t\t<\/div>\n\t\t\t\t\t<\/div>\n\t\t<\/div>\n\t\t\t\t<div class=\"elementor-column elementor-col-50 elementor-top-column elementor-element elementor-element-54c5d95\" data-id=\"54c5d95\" data-element_type=\"column\" data-e-type=\"column\">\n\t\t\t<div class=\"elementor-widget-wrap elementor-element-populated\">\n\t\t\t\t\t\t<div class=\"elementor-element elementor-element-9b32eb7 elementor-widget elementor-widget-heading\" data-id=\"9b32eb7\" data-element_type=\"widget\" data-e-type=\"widget\" data-widget_type=\"heading.default\">\n\t\t\t\t<div class=\"elementor-widget-container\">\n\t\t\t\t\t<div class=\"elementor-heading-title elementor-size-default\">A venue with character<\/div>\t\t\t\t<\/div>\n\t\t\t\t<\/div>\n\t\t\t\t<div class=\"elementor-element elementor-element-d06a677 elementor-widget elementor-widget-heading\" data-id=\"d06a677\" data-element_type=\"widget\" data-e-type=\"widget\" data-widget_type=\"heading.default\">\n\t\t\t\t<div class=\"elementor-widget-container\">\n\t\t\t\t\t<h2 class=\"elementor-heading-title elementor-size-default\">Automotive culture that inspires<\/h2>\t\t\t\t<\/div>\n\t\t\t\t<\/div>\n\t\t\t\t<div class=\"elementor-element elementor-element-746ecb9 elementor-widget elementor-widget-text-editor\" data-id=\"746ecb9\" data-element_type=\"widget\" data-e-type=\"widget\" data-widget_type=\"text-editor.default\">\n\t\t\t\t<div class=\"elementor-widget-container\">\n\t\t\t\t\t\t\t\t\t<p>Klassikstadt is much more than just an event venue. Across approximately 16,000 m\u00b2, visitors can experience a passion for cars\u2014with lovingly restored classic cars, specialized workshops, motorsports, and an atmosphere that uniquely blends history and modernity.  <\/p><p>The unique charm of this historic industrial building, which is a designated landmark, makes every event a memorable experience. <\/p>\t\t\t\t\t\t\t\t<\/div>\n\t\t\t\t<\/div>\n\t\t\t\t\t<\/div>\n\t\t<\/div>\n\t\t\t\t\t<\/div>\n\t\t<\/section>\n\t\t\t\t<section class=\"elementor-section elementor-top-section elementor-element elementor-element-7cdc045 elementor-section-content-middle elementor-section-boxed elementor-section-height-default elementor-section-height-default\" data-id=\"7cdc045\" data-element_type=\"section\" data-e-type=\"section\">\n\t\t\t\t\t\t<div class=\"elementor-container elementor-column-gap-wide\">\n\t\t\t\t\t<div class=\"elementor-column elementor-col-50 elementor-top-column elementor-element elementor-element-f8cb00b\" data-id=\"f8cb00b\" data-element_type=\"column\" data-e-type=\"column\">\n\t\t\t<div class=\"elementor-widget-wrap elementor-element-populated\">\n\t\t\t\t\t\t<div class=\"elementor-element elementor-element-2fdee55 elementor-widget elementor-widget-heading\" data-id=\"2fdee55\" data-element_type=\"widget\" data-e-type=\"widget\" data-widget_type=\"heading.default\">\n\t\t\t\t<div class=\"elementor-widget-container\">\n\t\t\t\t\t<div class=\"elementor-heading-title elementor-size-default\">Cuisine that perfectly complements the atmosphere<\/div>\t\t\t\t<\/div>\n\t\t\t\t<\/div>\n\t\t\t\t<div class=\"elementor-element elementor-element-db40a5f elementor-widget elementor-widget-heading\" data-id=\"db40a5f\" data-element_type=\"widget\" data-e-type=\"widget\" data-widget_type=\"heading.default\">\n\t\t\t\t<div class=\"elementor-widget-container\">\n\t\t\t\t\t<h2 class=\"elementor-heading-title elementor-size-default\">Good food brings people together<\/h2>\t\t\t\t<\/div>\n\t\t\t\t<\/div>\n\t\t\t\t<div class=\"elementor-element elementor-element-55830ab elementor-widget elementor-widget-text-editor\" data-id=\"55830ab\" data-element_type=\"widget\" data-e-type=\"widget\" data-widget_type=\"text-editor.default\">\n\t\t\t\t<div class=\"elementor-widget-container\">\n\t\t\t\t\t\t\t\t\t<p>That\u2019s why we develop a customized catering plan for every event\u2014tailored to your guests, your occasion, and your preferences.<\/p><p>Whether it&#8217;s a business breakfast, a pop-up dinner, a multi-course meal, a high-quality buffet, or a relaxed BBQ evening\u2014we combine authentic cuisine with professional service and ensure that you can focus entirely on your guests.<\/p>\t\t\t\t\t\t\t\t<\/div>\n\t\t\t\t<\/div>\n\t\t\t\t\t<\/div>\n\t\t<\/div>\n\t\t\t\t<div class=\"elementor-column elementor-col-50 elementor-top-column elementor-element elementor-element-61028ea\" data-id=\"61028ea\" data-element_type=\"column\" data-e-type=\"column\">\n\t\t\t<div class=\"elementor-widget-wrap elementor-element-populated\">\n\t\t\t\t\t\t<div class=\"elementor-element elementor-element-ec2ce82 elementor-widget elementor-widget-image\" data-id=\"ec2ce82\" data-element_type=\"widget\" data-e-type=\"widget\" data-widget_type=\"image.default\">\n\t\t\t\t<div class=\"elementor-widget-container\">\n\t\t\t\t\t\t\t\t\t\t\t\t\t\t\t<img loading=\"lazy\" decoding=\"async\" width=\"888\" height=\"592\" src=\"https:\/\/www.die-werkskantine.de\/wp-content\/uploads\/2026\/07\/WK_EVENT26_PTF_0396.jpg\" class=\"attachment-large size-large wp-image-33536\" alt=\"\" srcset=\"https:\/\/www.die-werkskantine.de\/wp-content\/uploads\/2026\/07\/WK_EVENT26_PTF_0396.jpg 888w, https:\/\/www.die-werkskantine.de\/wp-content\/uploads\/2026\/07\/WK_EVENT26_PTF_0396-300x200.jpg 300w, https:\/\/www.die-werkskantine.de\/wp-content\/uploads\/2026\/07\/WK_EVENT26_PTF_0396-768x512.jpg 768w, https:\/\/www.die-werkskantine.de\/wp-content\/uploads\/2026\/07\/WK_EVENT26_PTF_0396-600x400.jpg 600w\" sizes=\"(max-width: 888px) 100vw, 888px\" \/>\t\t\t\t\t\t\t\t\t\t\t\t\t\t\t<\/div>\n\t\t\t\t<\/div>\n\t\t\t\t\t<\/div>\n\t\t<\/div>\n\t\t\t\t\t<\/div>\n\t\t<\/section>\n\t\t\t\t<section class=\"elementor-section elementor-top-section elementor-element elementor-element-321fd09 elementor-section-boxed elementor-section-height-default elementor-section-height-default\" data-id=\"321fd09\" data-element_type=\"section\" data-e-type=\"section\" id=\"flaechen\" data-settings=\"{&quot;background_background&quot;:&quot;classic&quot;}\">\n\t\t\t\t\t\t<div class=\"elementor-container elementor-column-gap-default\">\n\t\t\t\t\t<div class=\"elementor-column elementor-col-100 elementor-top-column elementor-element elementor-element-8179d1d\" data-id=\"8179d1d\" data-element_type=\"column\" data-e-type=\"column\">\n\t\t\t<div class=\"elementor-widget-wrap elementor-element-populated\">\n\t\t\t\t\t\t<div class=\"elementor-element elementor-element-04afccf elementor-widget elementor-widget-heading\" data-id=\"04afccf\" data-element_type=\"widget\" data-e-type=\"widget\" data-widget_type=\"heading.default\">\n\t\t\t\t<div class=\"elementor-widget-container\">\n\t\t\t\t\t<div class=\"elementor-heading-title elementor-size-default\">The Event Spaces<\/div>\t\t\t\t<\/div>\n\t\t\t\t<\/div>\n\t\t\t\t<div class=\"elementor-element elementor-element-f5566f0 elementor-widget elementor-widget-heading\" data-id=\"f5566f0\" data-element_type=\"widget\" data-e-type=\"widget\" data-widget_type=\"heading.default\">\n\t\t\t\t<div class=\"elementor-widget-container\">\n\t\t\t\t\t<h2 class=\"elementor-heading-title elementor-size-default\">Space for Your Format<\/h2>\t\t\t\t<\/div>\n\t\t\t\t<\/div>\n\t\t\t\t<section class=\"elementor-section elementor-inner-section elementor-element elementor-element-2f219e4 elementor-section-boxed elementor-section-height-default elementor-section-height-default\" data-id=\"2f219e4\" data-element_type=\"section\" data-e-type=\"section\">\n\t\t\t\t\t\t<div class=\"elementor-container elementor-column-gap-default\">\n\t\t\t\t\t<div class=\"elementor-column elementor-col-50 elementor-inner-column elementor-element elementor-element-65320c1\" data-id=\"65320c1\" data-element_type=\"column\" data-e-type=\"column\" data-settings=\"{&quot;background_background&quot;:&quot;classic&quot;}\">\n\t\t\t<div class=\"elementor-widget-wrap elementor-element-populated\">\n\t\t\t\t\t\t<div class=\"elementor-element elementor-element-95142ec elementor-widget elementor-widget-heading\" data-id=\"95142ec\" data-element_type=\"widget\" data-e-type=\"widget\" data-widget_type=\"heading.default\">\n\t\t\t\t<div class=\"elementor-widget-container\">\n\t\t\t\t\t<h3 class=\"elementor-heading-title elementor-size-default\">Areas<\/h3>\t\t\t\t<\/div>\n\t\t\t\t<\/div>\n\t\t\t\t<div class=\"elementor-element elementor-element-15801ec elementor-widget elementor-widget-text-editor\" data-id=\"15801ec\" data-element_type=\"widget\" data-e-type=\"widget\" data-widget_type=\"text-editor.default\">\n\t\t\t\t<div class=\"elementor-widget-container\">\n\t\t\t\t\t\t\t\t\t<ul><li>Eventforum \u2013 350 m\u00b2<\/li><li>Eventfoyer \u2013 200 m\u00b2<\/li><li>Empore \u2013 220 m\u00b2<\/li><li>Event Terrace \u2013 180 m\u00b2<\/li><li>Courtyard \u2013 approx. 3,000 m\u00b2<\/li><li>Gravel area \u2013 400 m\u00b2<\/li><li>Seminar and Conference Rooms \u2013 30 to 85 m\u00b2<\/li><\/ul>\t\t\t\t\t\t\t\t<\/div>\n\t\t\t\t<\/div>\n\t\t\t\t\t<\/div>\n\t\t<\/div>\n\t\t\t\t<div class=\"elementor-column elementor-col-50 elementor-inner-column elementor-element elementor-element-c3394fa\" data-id=\"c3394fa\" data-element_type=\"column\" data-e-type=\"column\" data-settings=\"{&quot;background_background&quot;:&quot;classic&quot;}\">\n\t\t\t<div class=\"elementor-widget-wrap elementor-element-populated\">\n\t\t\t\t\t\t<div class=\"elementor-element elementor-element-fb29ec5 elementor-widget elementor-widget-heading\" data-id=\"fb29ec5\" data-element_type=\"widget\" data-e-type=\"widget\" data-widget_type=\"heading.default\">\n\t\t\t\t<div class=\"elementor-widget-container\">\n\t\t\t\t\t<h3 class=\"elementor-heading-title elementor-size-default\">Amenities &amp; Location<\/h3>\t\t\t\t<\/div>\n\t\t\t\t<\/div>\n\t\t\t\t<div class=\"elementor-element elementor-element-758409d elementor-widget elementor-widget-text-editor\" data-id=\"758409d\" data-element_type=\"widget\" data-e-type=\"widget\" data-widget_type=\"text-editor.default\">\n\t\t\t\t<div class=\"elementor-widget-container\">\n\t\t\t\t\t\t\t\t\t<p>Klassikstadt combines the charm of a historic industrial landmark with modern event technology and flexible space concepts.<\/p><p>Thanks to its central location, your guests can easily reach the venue:<\/p><ul><li>About 20 minutes from Frankfurt Airport<\/li><li>About 25 minutes from Frankfurt Central Station<\/li><li>About 20 minutes from downtown Frankfurt<\/li><li>Exclusive parking spaces available for rent directly on the premises<\/li><\/ul>\t\t\t\t\t\t\t\t<\/div>\n\t\t\t\t<\/div>\n\t\t\t\t\t<\/div>\n\t\t<\/div>\n\t\t\t\t\t<\/div>\n\t\t<\/section>\n\t\t\t\t\t<\/div>\n\t\t<\/div>\n\t\t\t\t\t<\/div>\n\t\t<\/section>\n\t\t\t\t<section class=\"elementor-section elementor-top-section elementor-element elementor-element-f15eed6 elementor-section-content-middle elementor-section-boxed elementor-section-height-default elementor-section-height-default\" data-id=\"f15eed6\" data-element_type=\"section\" data-e-type=\"section\" id=\"anfrage\" data-settings=\"{&quot;background_background&quot;:&quot;classic&quot;}\">\n\t\t\t\t\t\t<div class=\"elementor-container elementor-column-gap-wide\">\n\t\t\t\t\t<div class=\"elementor-column elementor-col-50 elementor-top-column elementor-element elementor-element-12c6c8a\" data-id=\"12c6c8a\" data-element_type=\"column\" data-e-type=\"column\" data-settings=\"{&quot;background_background&quot;:&quot;classic&quot;}\">\n\t\t\t<div class=\"elementor-widget-wrap elementor-element-populated\">\n\t\t\t\t\t\t<div class=\"elementor-element elementor-element-481160a elementor-widget elementor-widget-image\" data-id=\"481160a\" data-element_type=\"widget\" data-e-type=\"widget\" data-widget_type=\"image.default\">\n\t\t\t\t<div class=\"elementor-widget-container\">\n\t\t\t\t\t\t\t\t\t\t\t\t\t\t\t<img loading=\"lazy\" decoding=\"async\" width=\"888\" height=\"592\" src=\"https:\/\/www.die-werkskantine.de\/wp-content\/uploads\/2026\/07\/WK_EVENT26_PTF_0324.jpg\" class=\"attachment-large size-large wp-image-33537\" alt=\"\" srcset=\"https:\/\/www.die-werkskantine.de\/wp-content\/uploads\/2026\/07\/WK_EVENT26_PTF_0324.jpg 888w, https:\/\/www.die-werkskantine.de\/wp-content\/uploads\/2026\/07\/WK_EVENT26_PTF_0324-300x200.jpg 300w, https:\/\/www.die-werkskantine.de\/wp-content\/uploads\/2026\/07\/WK_EVENT26_PTF_0324-768x512.jpg 768w, https:\/\/www.die-werkskantine.de\/wp-content\/uploads\/2026\/07\/WK_EVENT26_PTF_0324-600x400.jpg 600w\" sizes=\"(max-width: 888px) 100vw, 888px\" \/>\t\t\t\t\t\t\t\t\t\t\t\t\t\t\t<\/div>\n\t\t\t\t<\/div>\n\t\t\t\t\t<\/div>\n\t\t<\/div>\n\t\t\t\t<div class=\"elementor-column elementor-col-50 elementor-top-column elementor-element elementor-element-82402fc\" data-id=\"82402fc\" data-element_type=\"column\" data-e-type=\"column\" data-settings=\"{&quot;background_background&quot;:&quot;classic&quot;}\">\n\t\t\t<div class=\"elementor-widget-wrap elementor-element-populated\">\n\t\t\t\t\t\t<div class=\"elementor-element elementor-element-09cde85 elementor-widget elementor-widget-heading\" data-id=\"09cde85\" data-element_type=\"widget\" data-e-type=\"widget\" data-widget_type=\"heading.default\">\n\t\t\t\t<div class=\"elementor-widget-container\">\n\t\t\t\t\t<div class=\"elementor-heading-title elementor-size-default\">Together, we'll make your event something special<\/div>\t\t\t\t<\/div>\n\t\t\t\t<\/div>\n\t\t\t\t<div class=\"elementor-element elementor-element-e85b788 elementor-widget elementor-widget-heading\" data-id=\"e85b788\" data-element_type=\"widget\" data-e-type=\"widget\" data-widget_type=\"heading.default\">\n\t\t\t\t<div class=\"elementor-widget-container\">\n\t\t\t\t\t<h2 class=\"elementor-heading-title elementor-size-default\">From the initial idea to the last guest<\/h2>\t\t\t\t<\/div>\n\t\t\t\t<\/div>\n\t\t\t\t<div class=\"elementor-element elementor-element-e59551b elementor-widget elementor-widget-text-editor\" data-id=\"e59551b\" data-element_type=\"widget\" data-e-type=\"widget\" data-widget_type=\"text-editor.default\">\n\t\t\t\t<div class=\"elementor-widget-container\">\n\t\t\t\t\t\t\t\t\t<p>Are you interested in an event at Klassikstadt?<\/p><p>We&#8217;ll be there for you from the very beginning, offering personalized advice, a wealth of experience, and a willingness to listen to your needs.<\/p><p>While the Klassikstadt event team works with you to select the perfect venue, we\u2014as your exclusive catering partner\u2014will take care of the culinary experience\u2014regionally inspired, artfully prepared, and served with a genuine passion for hospitality.<\/p><p>After all, the most memorable events happen when every detail is just right and your guests feel completely at ease.<\/p>\t\t\t\t\t\t\t\t<\/div>\n\t\t\t\t<\/div>\n\t\t\t\t<div class=\"elementor-element elementor-element-c30ffea elementor-widget elementor-widget-button\" data-id=\"c30ffea\" data-element_type=\"widget\" data-e-type=\"widget\" data-widget_type=\"button.default\">\n\t\t\t\t<div class=\"elementor-widget-container\">\n\t\t\t\t\t\t\t\t\t<div class=\"elementor-button-wrapper\">\n\t\t\t\t\t<a class=\"elementor-button elementor-button-link elementor-size-sm\" href=\"mailto:catering@die-werkskantine.de\">\n\t\t\t\t\t\t<span class=\"elementor-button-content-wrapper\">\n\t\t\t\t\t\t\t\t\t<span class=\"elementor-button-text\">Request a quote now with no obligation<\/span>\n\t\t\t\t\t<\/span>\n\t\t\t\t\t<\/a>\n\t\t\t\t<\/div>\n\t\t\t\t\t\t\t\t<\/div>\n\t\t\t\t<\/div>\n\t\t\t\t<div class=\"elementor-element elementor-element-0b9df43 elementor-icon-list--layout-inline elementor-list-item-link-full_width elementor-widget elementor-widget-icon-list\" data-id=\"0b9df43\" data-element_type=\"widget\" data-e-type=\"widget\" data-widget_type=\"icon-list.default\">\n\t\t\t\t<div class=\"elementor-widget-container\">\n\t\t\t\t\t\t\t<ul class=\"elementor-icon-list-items elementor-inline-items\">\n\t\t\t\t\t\t\t<li class=\"elementor-icon-list-item elementor-inline-item\">\n\t\t\t\t\t\t\t\t\t\t\t<a href=\"mailto:Catering@die-Werkskantine.de\">\n\n\t\t\t\t\t\t\t\t\t\t\t\t<span class=\"elementor-icon-list-icon\">\n\t\t\t\t\t\t\t<i aria-hidden=\"true\" class=\"fas fa-at\"><\/i>\t\t\t\t\t\t<\/span>\n\t\t\t\t\t\t\t\t\t\t<span class=\"elementor-icon-list-text\">catering@die-Werkskantine.de<\/span>\n\t\t\t\t\t\t\t\t\t\t\t<\/a>\n\t\t\t\t\t\t\t\t\t<\/li>\n\t\t\t\t\t\t\t\t<li class=\"elementor-icon-list-item elementor-inline-item\">\n\t\t\t\t\t\t\t\t\t\t\t<a href=\"tel:+496942696600\">\n\n\t\t\t\t\t\t\t\t\t\t\t\t<span class=\"elementor-icon-list-icon\">\n\t\t\t\t\t\t\t<i aria-hidden=\"true\" class=\"fas fa-phone\"><\/i>\t\t\t\t\t\t<\/span>\n\t\t\t\t\t\t\t\t\t\t<span class=\"elementor-icon-list-text\">+49 (69) 42 69 66 00<\/span>\n\t\t\t\t\t\t\t\t\t\t\t<\/a>\n\t\t\t\t\t\t\t\t\t<\/li>\n\t\t\t\t\t\t\t\t<li class=\"elementor-icon-list-item elementor-inline-item\">\n\t\t\t\t\t\t\t\t\t\t\t<a href=\"tel:+4915152532581\">\n\n\t\t\t\t\t\t\t\t\t\t\t\t<span class=\"elementor-icon-list-icon\">\n\t\t\t\t\t\t\t<i aria-hidden=\"true\" class=\"fas fa-mobile-alt\"><\/i>\t\t\t\t\t\t<\/span>\n\t\t\t\t\t\t\t\t\t\t<span class=\"elementor-icon-list-text\">+49 151 52 53 25 81<\/span>\n\t\t\t\t\t\t\t\t\t\t\t<\/a>\n\t\t\t\t\t\t\t\t\t<\/li>\n\t\t\t\t\t\t<\/ul>\n\t\t\t\t\t\t<\/div>\n\t\t\t\t<\/div>\n\t\t\t\t\t<\/div>\n\t\t<\/div>\n\t\t\t\t\t<\/div>\n\t\t<\/section>\n\t\t\t\t<section class=\"elementor-section elementor-top-section elementor-element elementor-element-5e236c1 elementor-section-full_width elementor-section-height-default elementor-section-height-default\" data-id=\"5e236c1\" data-element_type=\"section\" data-e-type=\"section\" data-settings=\"{&quot;background_background&quot;:&quot;classic&quot;}\">\n\t\t\t\t\t\t<div class=\"elementor-container elementor-column-gap-default\">\n\t\t\t\t\t<div class=\"elementor-column elementor-col-100 elementor-top-column elementor-element elementor-element-0a22c30\" data-id=\"0a22c30\" data-element_type=\"column\" data-e-type=\"column\">\n\t\t\t<div class=\"elementor-widget-wrap elementor-element-populated\">\n\t\t\t\t\t\t<div class=\"elementor-element elementor-element-2f2dea2 elementor-widget elementor-widget-heading\" data-id=\"2f2dea2\" data-element_type=\"widget\" data-e-type=\"widget\" data-widget_type=\"heading.default\">\n\t\t\t\t<div class=\"elementor-widget-container\">\n\t\t\t\t\t<div class=\"elementor-heading-title elementor-size-default\">Gear up for great Taste<\/div>\t\t\t\t<\/div>\n\t\t\t\t<\/div>\n\t\t\t\t\t<\/div>\n\t\t<\/div>\n\t\t\t\t\t<\/div>\n\t\t<\/section>\n\t\t\t\t<section class=\"elementor-section elementor-top-section elementor-element elementor-element-933aac1 elementor-section-boxed elementor-section-height-default elementor-section-height-default\" data-id=\"933aac1\" data-element_type=\"section\" data-e-type=\"section\" data-settings=\"{&quot;background_background&quot;:&quot;classic&quot;}\">\n\t\t\t\t\t\t<div class=\"elementor-container elementor-column-gap-default\">\n\t\t\t\t\t<div class=\"elementor-column elementor-col-50 elementor-top-column elementor-element elementor-element-aa48af2\" data-id=\"aa48af2\" data-element_type=\"column\" data-e-type=\"column\">\n\t\t\t<div class=\"elementor-widget-wrap elementor-element-populated\">\n\t\t\t\t\t\t<div class=\"elementor-element elementor-element-1c421cf elementor-widget elementor-widget-text-editor\" data-id=\"1c421cf\" data-element_type=\"widget\" data-e-type=\"widget\" data-widget_type=\"text-editor.default\">\n\t\t\t\t<div class=\"elementor-widget-container\">\n\t\t\t\t\t\t\t\t\t<p>Die Werkskantine \u00b7 Orber Stra\u00dfe 4a \u00b7 60386 Frankfurt am Main<\/p><p><a href=\"tel:+496942696600\">+49 (69) 42 69 66 00<\/a><br \/><a href=\"tel:+4915152532581\">+49 151 52532581<\/a><br \/><a href=\"mailto:catering@die-werkskantine.de\">catering@die-werkskantine.de<\/a><\/p>\t\t\t\t\t\t\t\t<\/div>\n\t\t\t\t<\/div>\n\t\t\t\t\t<\/div>\n\t\t<\/div>\n\t\t\t\t<div class=\"elementor-column elementor-col-50 elementor-top-column elementor-element elementor-element-d41f34d\" data-id=\"d41f34d\" data-element_type=\"column\" data-e-type=\"column\">\n\t\t\t<div class=\"elementor-widget-wrap elementor-element-populated\">\n\t\t\t\t\t\t\t<\/div>\n\t\t<\/div>\n\t\t\t\t\t<\/div>\n\t\t<\/section>\n\t\t\t\t<\/div>\n\t\t","protected":false},"excerpt":{"rendered":"<p>catering@die-Werkskantine.de +49 (69) 42 69 66 00 +49 151 52 53 25 81 Catering KLASSIKSTADT | EVENTS &amp; CONFERENCE Request a quote now with no obligation A venue with character A historic setting. Cuisine with character. Unforgettable events. When history becomes an event experience, the result is events that leave a lasting impression. Klassikstadt Frankfurt [&hellip;]<\/p>\n","protected":false},"author":1016,"featured_media":0,"parent":0,"menu_order":0,"comment_status":"closed","ping_status":"closed","template":"elementor_canvas","meta":{"_acf_changed":false,"site-sidebar-layout":"no-sidebar","site-content-layout":"page-builder","ast-site-content-layout":"full-width-container","site-content-style":"default","site-sidebar-style":"default","ast-global-header-display":"","ast-banner-title-visibility":"","ast-main-header-display":"","ast-hfb-above-header-display":"","ast-hfb-below-header-display":"","ast-hfb-mobile-header-display":"","site-post-title":"","ast-breadcrumbs-content":"","ast-featured-img":"disabled","footer-sml-layout":"","ast-disable-related-posts":"","theme-transparent-header-meta":"","adv-header-id-meta":"","stick-header-meta":"","header-above-stick-meta":"","header-main-stick-meta":"","header-below-stick-meta":"","astra-migrate-meta-layouts":"default","ast-page-background-enabled":"default","ast-page-background-meta":{"desktop":{"background-color":"var(--ast-global-color-4)","background-image":"","background-repeat":"repeat","background-position":"center center","background-size":"auto","background-attachment":"scroll","background-type":"","background-media":"","overlay-type":"","overlay-color":"","overlay-opacity":"","overlay-gradient":""},"tablet":{"background-color":"","background-image":"","background-repeat":"repeat","background-position":"center center","background-size":"auto","background-attachment":"scroll","background-type":"","background-media":"","overlay-type":"","overlay-color":"","overlay-opacity":"","overlay-gradient":""},"mobile":{"background-color":"","background-image":"","background-repeat":"repeat","background-position":"center center","background-size":"auto","background-attachment":"scroll","background-type":"","background-media":"","overlay-type":"","overlay-color":"","overlay-opacity":"","overlay-gradient":""}},"ast-content-background-meta":{"desktop":{"background-color":"var(--ast-global-color-5)","background-image":"","background-repeat":"repeat","background-position":"center center","background-size":"auto","background-attachment":"scroll","background-type":"","background-media":"","overlay-type":"","overlay-color":"","overlay-opacity":"","overlay-gradient":""},"tablet":{"background-color":"var(--ast-global-color-5)","background-image":"","background-repeat":"repeat","background-position":"center center","background-size":"auto","background-attachment":"scroll","background-type":"","background-media":"","overlay-type":"","overlay-color":"","overlay-opacity":"","overlay-gradient":""},"mobile":{"background-color":"var(--ast-global-color-5)","background-image":"","background-repeat":"repeat","background-position":"center center","background-size":"auto","background-attachment":"scroll","background-type":"","background-media":"","overlay-type":"","overlay-color":"","overlay-opacity":"","overlay-gradient":""}},"footnotes":""},"class_list":["post-33538","page","type-page","status-publish","hentry"],"acf":[],"yoast_head":"<!-- This site is optimized with the Yoast SEO plugin v28.3 - https:\/\/yoast.com\/product\/yoast-seo-wordpress\/ -->\n<title>Catering | Die Werkskantine<\/title>\n<meta name=\"description\" content=\"Moderne Frankfurter K\u00fcche und Benzingespr\u00e4che in urbanem Restaurant-Caf\u00e9 mit Blick in 2 Oldtimer-Werkst\u00e4tten. Frankfurt am Main\" \/>\n<meta name=\"robots\" content=\"index, follow, max-snippet:-1, max-image-preview:large, max-video-preview:-1\" \/>\n<link rel=\"canonical\" href=\"https:\/\/www.die-werkskantine.de\/en\/catering\/\" \/>\n<meta property=\"og:locale\" content=\"en_US\" \/>\n<meta property=\"og:type\" content=\"article\" \/>\n<meta property=\"og:title\" content=\"Catering | Die Werkskantine\" \/>\n<meta property=\"og:description\" content=\"Moderne Frankfurter K\u00fcche und Benzingespr\u00e4che in urbanem Restaurant-Caf\u00e9 mit Blick in 2 Oldtimer-Werkst\u00e4tten. Frankfurt am Main\" \/>\n<meta property=\"og:url\" content=\"https:\/\/www.die-werkskantine.de\/en\/catering\/\" \/>\n<meta property=\"og:site_name\" content=\"Die Werkskantine\" \/>\n<meta property=\"article:modified_time\" content=\"2026-08-31T12:40:00+00:00\" \/>\n<meta property=\"og:image\" content=\"https:\/\/www.die-werkskantine.de\/wp-content\/uploads\/2026\/07\/logo_catering.png\" \/>\n\t<meta property=\"og:image:width\" content=\"955\" \/>\n\t<meta property=\"og:image:height\" content=\"261\" \/>\n\t<meta property=\"og:image:type\" content=\"image\/png\" \/>\n<meta name=\"twitter:card\" content=\"summary_large_image\" \/>\n<meta name=\"twitter:label1\" content=\"Est. reading time\" \/>\n\t<meta name=\"twitter:data1\" content=\"3 minutes\" \/>\n<script type=\"application\/ld+json\" class=\"yoast-schema-graph\">{\"@context\":\"https:\\\/\\\/schema.org\",\"@graph\":[{\"@type\":\"WebPage\",\"@id\":\"https:\\\/\\\/www.die-werkskantine.de\\\/en\\\/catering\\\/\",\"url\":\"https:\\\/\\\/www.die-werkskantine.de\\\/en\\\/catering\\\/\",\"name\":\"Catering | Die Werkskantine\",\"isPartOf\":{\"@id\":\"https:\\\/\\\/www.die-werkskantine.de\\\/en\\\/#website\"},\"primaryImageOfPage\":{\"@id\":\"https:\\\/\\\/www.die-werkskantine.de\\\/en\\\/catering\\\/#primaryimage\"},\"image\":{\"@id\":\"https:\\\/\\\/www.die-werkskantine.de\\\/en\\\/catering\\\/#primaryimage\"},\"thumbnailUrl\":\"https:\\\/\\\/www.die-werkskantine.de\\\/wp-content\\\/uploads\\\/2026\\\/07\\\/logo_catering.png\",\"datePublished\":\"2026-07-31T19:07:48+00:00\",\"dateModified\":\"2026-08-31T12:40:00+00:00\",\"description\":\"Moderne Frankfurter K\u00fcche und Benzingespr\u00e4che in urbanem Restaurant-Caf\u00e9 mit Blick in 2 Oldtimer-Werkst\u00e4tten. Frankfurt am Main\",\"breadcrumb\":{\"@id\":\"https:\\\/\\\/www.die-werkskantine.de\\\/en\\\/catering\\\/#breadcrumb\"},\"inLanguage\":\"en-US\",\"potentialAction\":[{\"@type\":\"ReadAction\",\"target\":[\"https:\\\/\\\/www.die-werkskantine.de\\\/en\\\/catering\\\/\"]}]},{\"@type\":\"ImageObject\",\"inLanguage\":\"en-US\",\"@id\":\"https:\\\/\\\/www.die-werkskantine.de\\\/en\\\/catering\\\/#primaryimage\",\"url\":\"https:\\\/\\\/www.die-werkskantine.de\\\/wp-content\\\/uploads\\\/2026\\\/07\\\/logo_catering.png\",\"contentUrl\":\"https:\\\/\\\/www.die-werkskantine.de\\\/wp-content\\\/uploads\\\/2026\\\/07\\\/logo_catering.png\"},{\"@type\":\"BreadcrumbList\",\"@id\":\"https:\\\/\\\/www.die-werkskantine.de\\\/en\\\/catering\\\/#breadcrumb\",\"itemListElement\":[{\"@type\":\"ListItem\",\"position\":1,\"name\":\"Home\",\"item\":\"https:\\\/\\\/www.die-werkskantine.de\\\/en\\\/start\\\/\"},{\"@type\":\"ListItem\",\"position\":2,\"name\":\"Catering\"}]},{\"@type\":\"WebSite\",\"@id\":\"https:\\\/\\\/www.die-werkskantine.de\\\/en\\\/#website\",\"url\":\"https:\\\/\\\/www.die-werkskantine.de\\\/en\\\/\",\"name\":\"Die Werkskantine\",\"description\":\"Moderne Frankfurter K\u00fcche und Benzingespr\u00e4che in urbanem Restaurant-Caf\u00e9 mit Blick in 2 Oldtimer-Werkst\u00e4tten.\",\"publisher\":{\"@id\":\"https:\\\/\\\/www.die-werkskantine.de\\\/en\\\/#organization\"},\"potentialAction\":[{\"@type\":\"SearchAction\",\"target\":{\"@type\":\"EntryPoint\",\"urlTemplate\":\"https:\\\/\\\/www.die-werkskantine.de\\\/en\\\/?s={search_term_string}\"},\"query-input\":{\"@type\":\"PropertyValueSpecification\",\"valueRequired\":true,\"valueName\":\"search_term_string\"}}],\"inLanguage\":\"en-US\"},{\"@type\":\"Organization\",\"@id\":\"https:\\\/\\\/www.die-werkskantine.de\\\/en\\\/#organization\",\"name\":\"Die Werkskantine\",\"url\":\"https:\\\/\\\/www.die-werkskantine.de\\\/en\\\/\",\"logo\":{\"@type\":\"ImageObject\",\"inLanguage\":\"en-US\",\"@id\":\"https:\\\/\\\/www.die-werkskantine.de\\\/en\\\/#\\\/schema\\\/logo\\\/image\\\/\",\"url\":\"https:\\\/\\\/www.die-werkskantine.de\\\/wp-content\\\/uploads\\\/2021\\\/07\\\/logo-die-werkskantine@3x.png\",\"contentUrl\":\"https:\\\/\\\/www.die-werkskantine.de\\\/wp-content\\\/uploads\\\/2021\\\/07\\\/logo-die-werkskantine@3x.png\",\"width\":955,\"height\":196,\"caption\":\"Die Werkskantine\"},\"image\":{\"@id\":\"https:\\\/\\\/www.die-werkskantine.de\\\/en\\\/#\\\/schema\\\/logo\\\/image\\\/\"}}]}<\/script>\n<!-- \/ Yoast SEO plugin. -->","yoast_head_json":{"title":"Catering | Die Werkskantine","description":"Moderne Frankfurter K\u00fcche und Benzingespr\u00e4che in urbanem Restaurant-Caf\u00e9 mit Blick in 2 Oldtimer-Werkst\u00e4tten. Frankfurt am Main","robots":{"index":"index","follow":"follow","max-snippet":"max-snippet:-1","max-image-preview":"max-image-preview:large","max-video-preview":"max-video-preview:-1"},"canonical":"https:\/\/www.die-werkskantine.de\/en\/catering\/","og_locale":"en_US","og_type":"article","og_title":"Catering | Die Werkskantine","og_description":"Moderne Frankfurter K\u00fcche und Benzingespr\u00e4che in urbanem Restaurant-Caf\u00e9 mit Blick in 2 Oldtimer-Werkst\u00e4tten. Frankfurt am Main","og_url":"https:\/\/www.die-werkskantine.de\/en\/catering\/","og_site_name":"Die Werkskantine","article_modified_time":"2026-08-31T12:40:00+00:00","og_image":[{"width":955,"height":261,"url":"https:\/\/www.die-werkskantine.de\/wp-content\/uploads\/2026\/07\/logo_catering.png","type":"image\/png"}],"twitter_card":"summary_large_image","twitter_misc":{"Est. reading time":"3 minutes"},"schema":{"@context":"https:\/\/schema.org","@graph":[{"@type":"WebPage","@id":"https:\/\/www.die-werkskantine.de\/en\/catering\/","url":"https:\/\/www.die-werkskantine.de\/en\/catering\/","name":"Catering | Die Werkskantine","isPartOf":{"@id":"https:\/\/www.die-werkskantine.de\/en\/#website"},"primaryImageOfPage":{"@id":"https:\/\/www.die-werkskantine.de\/en\/catering\/#primaryimage"},"image":{"@id":"https:\/\/www.die-werkskantine.de\/en\/catering\/#primaryimage"},"thumbnailUrl":"https:\/\/www.die-werkskantine.de\/wp-content\/uploads\/2026\/07\/logo_catering.png","datePublished":"2026-07-31T19:07:48+00:00","dateModified":"2026-08-31T12:40:00+00:00","description":"Moderne Frankfurter K\u00fcche und Benzingespr\u00e4che in urbanem Restaurant-Caf\u00e9 mit Blick in 2 Oldtimer-Werkst\u00e4tten. Frankfurt am Main","breadcrumb":{"@id":"https:\/\/www.die-werkskantine.de\/en\/catering\/#breadcrumb"},"inLanguage":"en-US","potentialAction":[{"@type":"ReadAction","target":["https:\/\/www.die-werkskantine.de\/en\/catering\/"]}]},{"@type":"ImageObject","inLanguage":"en-US","@id":"https:\/\/www.die-werkskantine.de\/en\/catering\/#primaryimage","url":"https:\/\/www.die-werkskantine.de\/wp-content\/uploads\/2026\/07\/logo_catering.png","contentUrl":"https:\/\/www.die-werkskantine.de\/wp-content\/uploads\/2026\/07\/logo_catering.png"},{"@type":"BreadcrumbList","@id":"https:\/\/www.die-werkskantine.de\/en\/catering\/#breadcrumb","itemListElement":[{"@type":"ListItem","position":1,"name":"Home","item":"https:\/\/www.die-werkskantine.de\/en\/start\/"},{"@type":"ListItem","position":2,"name":"Catering"}]},{"@type":"WebSite","@id":"https:\/\/www.die-werkskantine.de\/en\/#website","url":"https:\/\/www.die-werkskantine.de\/en\/","name":"Die Werkskantine","description":"Moderne Frankfurter K\u00fcche und Benzingespr\u00e4che in urbanem Restaurant-Caf\u00e9 mit Blick in 2 Oldtimer-Werkst\u00e4tten.","publisher":{"@id":"https:\/\/www.die-werkskantine.de\/en\/#organization"},"potentialAction":[{"@type":"SearchAction","target":{"@type":"EntryPoint","urlTemplate":"https:\/\/www.die-werkskantine.de\/en\/?s={search_term_string}"},"query-input":{"@type":"PropertyValueSpecification","valueRequired":true,"valueName":"search_term_string"}}],"inLanguage":"en-US"},{"@type":"Organization","@id":"https:\/\/www.die-werkskantine.de\/en\/#organization","name":"Die Werkskantine","url":"https:\/\/www.die-werkskantine.de\/en\/","logo":{"@type":"ImageObject","inLanguage":"en-US","@id":"https:\/\/www.die-werkskantine.de\/en\/#\/schema\/logo\/image\/","url":"https:\/\/www.die-werkskantine.de\/wp-content\/uploads\/2021\/07\/logo-die-werkskantine@3x.png","contentUrl":"https:\/\/www.die-werkskantine.de\/wp-content\/uploads\/2021\/07\/logo-die-werkskantine@3x.png","width":955,"height":196,"caption":"Die Werkskantine"},"image":{"@id":"https:\/\/www.die-werkskantine.de\/en\/#\/schema\/logo\/image\/"}}]}},"_links":{"self":[{"href":"https:\/\/www.die-werkskantine.de\/en\/wp-json\/wp\/v2\/pages\/33538","targetHints":{"allow":["GET"]}}],"collection":[{"href":"https:\/\/www.die-werkskantine.de\/en\/wp-json\/wp\/v2\/pages"}],"about":[{"href":"https:\/\/www.die-werkskantine.de\/en\/wp-json\/wp\/v2\/types\/page"}],"author":[{"embeddable":true,"href":"https:\/\/www.die-werkskantine.de\/en\/wp-json\/wp\/v2\/users\/1016"}],"replies":[{"embeddable":true,"href":"https:\/\/www.die-werkskantine.de\/en\/wp-json\/wp\/v2\/comments?post=33538"}],"version-history":[{"count":1,"href":"https:\/\/www.die-werkskantine.de\/en\/wp-json\/wp\/v2\/pages\/33538\/revisions"}],"predecessor-version":[{"id":33542,"href":"https:\/\/www.die-werkskantine.de\/en\/wp-json\/wp\/v2\/pages\/33538\/revisions\/33542"}],"wp:attachment":[{"href":"https:\/\/www.die-werkskantine.de\/en\/wp-json\/wp\/v2\/media?parent=33538"}],"curies":[{"name":"wp","href":"https:\/\/api.w.org\/{rel}","templated":true}]}}